{"id":94,"date":"2025-04-24T14:46:00","date_gmt":"2025-04-24T14:46:00","guid":{"rendered":"https:\/\/stensionlook.com\/?page_id=94"},"modified":"2025-05-28T13:54:54","modified_gmt":"2025-05-28T13:54:54","slug":"nuestro-ciclo-de-tanatopraxia","status":"publish","type":"page","link":"https:\/\/stensionlook.com\/en\/nuestro-ciclo-de-tanatopraxia\/","title":{"rendered":"Nuestro ciclo de Tanatopraxia\u00a0"},"content":{"rendered":"<p>[et_pb_section fb_built=\u00bb1&#8243; custom_padding_last_edited=\u00bbon|phone\u00bb _builder_version=\u00bb4.27.4&#8243; _module_preset=\u00bbdefault\u00bb background_enable_pattern_style=\u00bbon\u00bb background_pattern_style=\u00bbtufted\u00bb background_pattern_color=\u00bbrgba(199,179,88,0.44)\u00bb z_index=\u00bb500&#8243; custom_margin=\u00bb0px||0px||true|false\u00bb custom_padding=\u00bb60px||60px||true|false\u00bb custom_padding_tablet=\u00bb100px||100px||false|false\u00bb custom_padding_phone=\u00bb100px||100px||false|false\u00bb top_divider_style=\u00bbarrow3&#8243; top_divider_color=\u00bb#FFFFFF\u00bb top_divider_flip=\u00bbvertical\u00bb global_colors_info=\u00bb{}\u00bb][et_pb_row column_structure=\u00bb3_4,1_4&#8243; use_custom_gutter=\u00bbon\u00bb gutter_width=\u00bb2&#8243; make_equal=\u00bbon\u00bb module_id=\u00bbQS\u00bb _builder_version=\u00bb4.27.4&#8243; _module_preset=\u00bbdefault\u00bb background_color=\u00bb#FFFFFF\u00bb width=\u00bb90%\u00bb custom_padding=\u00bb25px|25px|25px|25px|true|true\u00bb border_radii=\u00bbon|35px|35px|35px|35px\u00bb box_shadow_style=\u00bbpreset3&#8243; global_colors_info=\u00bb{}\u00bb][et_pb_column type=\u00bb3_4&#8243; _builder_version=\u00bb4.25.2&#8243; _module_preset=\u00bbdefault\u00bb animation_style=\u00bbslide\u00bb animation_direction=\u00bbbottom\u00bb animation_intensity_slide=\u00bb4%\u00bb animation_speed_curve=\u00bbease\u00bb global_colors_info=\u00bb{}\u00bb][et_pb_text _builder_version=\u00bb4.27.4&#8243; _module_preset=\u00bbdefault\u00bb header_4_text_align=\u00bbleft\u00bb header_4_text_color=\u00bb#43220A\u00bb custom_margin=\u00bb0px||20px||false|false\u00bb custom_padding=\u00bb10px|20px|1px|20px|false|false\u00bb hover_enabled=\u00bb0&#8243; custom_css_main_element=\u00bbdisplay:inline-block;\u00bb border_radii=\u00bbon|40px|40px|40px|40px\u00bb border_width_all=\u00bb1px\u00bb border_color_all=\u00bbrgba(0,81,83,0.06)\u00bb global_colors_info=\u00bb{}\u00bb sticky_enabled=\u00bb0&#8243;]<\/p>\n<h4>Curso presencial<\/h4>\n<p>[\/et_pb_text][et_pb_text _builder_version=\u00bb4.27.4&#8243; _module_preset=\u00bbdefault\u00bb header_2_text_align=\u00bbleft\u00bb header_2_text_color=\u00bb#43220A\u00bb header_2_font_size=\u00bb50px\u00bb max_width_tablet=\u00bb100%\u00bb max_width_phone=\u00bb100%\u00bb max_width_last_edited=\u00bbon|tablet\u00bb custom_margin=\u00bb0px||20px||false|false\u00bb custom_margin_last_edited=\u00bboff|phone\u00bb custom_padding=\u00bb0px||0px||false|false\u00bb header_2_font_size_tablet=\u00bb50px\u00bb header_2_font_size_phone=\u00bb30px\u00bb header_2_font_size_last_edited=\u00bbon|phone\u00bb global_colors_info=\u00bb{}\u00bb]<\/p>\n<h2>Ciclo de tanatopraxia<\/h2>\n<p>[\/et_pb_text][et_pb_text _builder_version=\u00bb4.27.4&#8243; _module_preset=\u00bbdefault\u00bb text_text_color=\u00bb#43220A\u00bb text_font_size=\u00bb17px\u00bb text_line_height=\u00bb1.5em\u00bb header_text_align=\u00bbjustify\u00bb max_width_tablet=\u00bb100%\u00bb max_width_phone=\u00bb100%\u00bb max_width_last_edited=\u00bbon|tablet\u00bb custom_margin=\u00bb0px||29px||false|false\u00bb custom_padding=\u00bb0px||0px||false|false\u00bb global_colors_info=\u00bb{}\u00bb]<\/p>\n<p style=\"text-align: justify;\">Nuestro <strong>Ciclo de Tanatopraxia<\/strong> te ofrece un programa formativo completo para <strong>formarte y conseguir todas las destrezas, conocimientos y habilidades para poder trabajar de forma responsable en el \u00e1rea de Tanatopraxia y Tanatoest\u00e9tica.<\/strong> El curso cuenta con <strong>pr\u00e1cticas reales en tanatorios de r\u00e1pida incorporaci\u00f3n.<\/strong><\/p>\n<p>En <strong>grupos reducidos con m\u00e1ximo de 6 alumnos<\/strong> nuestros alumnos asisten <strong>de forma presencial a clase<\/strong> para el desarrollo de la parte te\u00f3rico-pr\u00e1ctica siendo guiado por el profesorado durante su aprendizaje. Nuestro m\u00e9todo est\u00e1 optimizado durante muchos a\u00f1os para que sea de f\u00e1cil asimilaci\u00f3n y comprensi\u00f3n.<\/p>\n<p>Los alumnos conocen su programa formativo desde el inicio del curso. Los cursos se realizan de forma presencial los s\u00e1bados y organizamos distintas convocatorias a lo largo del a\u00f1o. <strong>Si quieres informaci\u00f3n sobre pr\u00f3ximas convocatorias contacta con nosotros<\/strong><\/p>\n<p>[\/et_pb_text][et_pb_button button_url=\u00bb#contacto\u00bb button_text=\u00bbContacta con nosotros\u00bb _builder_version=\u00bb4.27.4&#8243; _module_preset=\u00bbdefault\u00bb custom_button=\u00bbon\u00bb button_text_size=\u00bb16px\u00bb button_text_color=\u00bb#FFFFFF\u00bb button_bg_color=\u00bb#43220A\u00bb button_border_width=\u00bb0px\u00bb button_border_radius=\u00bb25px\u00bb custom_margin=\u00bb||24px|||\u00bb box_shadow_style=\u00bbpreset3&#8243; locked=\u00bboff\u00bb global_colors_info=\u00bb{}\u00bb][\/et_pb_button][et_pb_text _builder_version=\u00bb4.27.4&#8243; _module_preset=\u00bbdefault\u00bb header_2_font=\u00bb&#8211;et_global_body_font|700|||||||\u00bb header_2_text_align=\u00bbleft\u00bb header_2_text_color=\u00bb#43220A\u00bb header_2_font_size=\u00bb25px\u00bb header_3_font=\u00bb&#8211;et_global_body_font||||||||\u00bb max_width_tablet=\u00bb100%\u00bb max_width_phone=\u00bb100%\u00bb max_width_last_edited=\u00bbon|tablet\u00bb custom_margin=\u00bb36px||20px||false|false\u00bb custom_margin_last_edited=\u00bboff|phone\u00bb custom_padding=\u00bb0px||0px||false|false\u00bb header_2_font_size_tablet=\u00bb50px\u00bb header_2_font_size_phone=\u00bb30px\u00bb header_2_font_size_last_edited=\u00bbon|phone\u00bb locked=\u00bboff\u00bb global_colors_info=\u00bb{}\u00bb]<\/p>\n<h4>M\u00f3dulos te\u00f3ricos-pr\u00e1cticos en la academia<\/h4>\n<p>[\/et_pb_text][et_pb_text _builder_version=\u00bb4.27.4&#8243; _module_preset=\u00bbdefault\u00bb text_text_color=\u00bb#43220A\u00bb text_font_size=\u00bb17px\u00bb text_line_height=\u00bb1.5em\u00bb max_width_tablet=\u00bb100%\u00bb max_width_phone=\u00bb100%\u00bb max_width_last_edited=\u00bbon|tablet\u00bb custom_margin=\u00bb0px||36px||false|false\u00bb custom_padding=\u00bb0px||0px||false|false\u00bb locked=\u00bboff\u00bb global_colors_info=\u00bb{}\u00bb]<\/p>\n<p><span style=\"font-weight: 400;\">Nuestro curso te\u00f3rico pr\u00e1ctico de Tanatopraxia se divide en las siguientes \u00e1reas tem\u00e1ticas que aseguran el conocomiento sufienciente para trabajar en el s\u00e9ctor de forma responsable. El alumno dispondr\u00e1 de todo el temario y fechas de las clases antes de empezar el curso.<\/span><\/p>\n<p>[\/et_pb_text][et_pb_blurb title=\u00bbTanato\u00e9stetica.\u00bb use_icon=\u00bbon\u00bb font_icon=\u00bb&#x5a;||divi||400&#8243; icon_color=\u00bb#C7B358&#8243; icon_placement=\u00bbleft\u00bb _builder_version=\u00bb4.27.4&#8243; _module_preset=\u00bbdefault\u00bb header_font=\u00bb&#8211;et_global_body_font||||||||\u00bb header_font_size=\u00bb16px\u00bb header_line_height=\u00bb2em\u00bb custom_margin=\u00bb||0px|||\u00bb global_colors_info=\u00bb{}\u00bb][\/et_pb_blurb][et_pb_blurb title=\u00bbProcesos y t\u00e9cnicas de conservaci\u00f3n o embalsamamiento de cad\u00e1veres.\u00bb use_icon=\u00bbon\u00bb font_icon=\u00bb&#x5a;||divi||400&#8243; icon_color=\u00bb#C7B358&#8243; icon_placement=\u00bbleft\u00bb _builder_version=\u00bb4.27.4&#8243; _module_preset=\u00bbdefault\u00bb header_font=\u00bb&#8211;et_global_body_font||||||||\u00bb header_font_size=\u00bb16px\u00bb header_line_height=\u00bb1.5em\u00bb custom_margin=\u00bb||0px|||\u00bb global_colors_info=\u00bb{}\u00bb][\/et_pb_blurb][et_pb_blurb title=\u00bbExtracciones de tejidos, pr\u00f3tesis, marcapasos y otros dispositivos contaminantes del cad\u00e1ver.\u00bb use_icon=\u00bbon\u00bb font_icon=\u00bb&#x5a;||divi||400&#8243; icon_color=\u00bb#C7B358&#8243; icon_placement=\u00bbleft\u00bb _builder_version=\u00bb4.27.4&#8243; _module_preset=\u00bbdefault\u00bb header_font=\u00bb&#8211;et_global_body_font||||||||\u00bb header_font_size=\u00bb16px\u00bb header_line_height=\u00bb1.5em\u00bb custom_margin=\u00bb||0px|||\u00bb global_colors_info=\u00bb{}\u00bb][\/et_pb_blurb][et_pb_blurb title=\u00bbGesti\u00f3n de la actividad de Tanatopraxia\u00bb use_icon=\u00bbon\u00bb font_icon=\u00bb&#x5a;||divi||400&#8243; icon_color=\u00bb#C7B358&#8243; icon_placement=\u00bbleft\u00bb _builder_version=\u00bb4.27.4&#8243; _module_preset=\u00bbdefault\u00bb header_font=\u00bb&#8211;et_global_body_font||||||||\u00bb header_font_size=\u00bb16px\u00bb header_line_height=\u00bb2em\u00bb custom_margin=\u00bb||0px|||\u00bb global_colors_info=\u00bb{}\u00bb][\/et_pb_blurb][et_pb_blurb title=\u00bbManejo de T\u00e9cnicas y habilidades relacionales para la prestaci\u00f3n de un servicio de tanatopraxia\u00bb use_icon=\u00bbon\u00bb font_icon=\u00bb&#x5a;||divi||400&#8243; icon_color=\u00bb#C7B358&#8243; icon_placement=\u00bbleft\u00bb _builder_version=\u00bb4.27.4&#8243; _module_preset=\u00bbdefault\u00bb header_font=\u00bb&#8211;et_global_body_font||||||||\u00bb header_font_size=\u00bb16px\u00bb header_line_height=\u00bb1.5em\u00bb custom_margin=\u00bb||0px|||\u00bb global_colors_info=\u00bb{}\u00bb][\/et_pb_blurb][et_pb_blurb title=\u00bbRestauraci\u00f3n y Reconstrucci\u00f3n de Cad\u00e1veres.\u00bb use_icon=\u00bbon\u00bb font_icon=\u00bb&#x5a;||divi||400&#8243; icon_color=\u00bb#C7B358&#8243; icon_placement=\u00bbleft\u00bb _builder_version=\u00bb4.27.4&#8243; _module_preset=\u00bbdefault\u00bb header_font=\u00bb&#8211;et_global_body_font||||||||\u00bb header_font_size=\u00bb16px\u00bb header_line_height=\u00bb2em\u00bb custom_margin=\u00bb||0px|||\u00bb custom_padding=\u00bb||10px|||\u00bb global_colors_info=\u00bb{}\u00bb][\/et_pb_blurb][\/et_pb_column][et_pb_column type=\u00bb1_4&#8243; _builder_version=\u00bb4.27.4&#8243; _module_preset=\u00bbdefault\u00bb background_color=\u00bb#C7B358&#8243; custom_padding=\u00bb20px|20px|20px|20px|false|false\u00bb custom_css_main_element=\u00bbmargin:auto\u00bb border_radii=\u00bbon|25px|25px|25px|25px\u00bb global_colors_info=\u00bb{}\u00bb][et_pb_blurb title=\u00bbSi quieres m\u00e1s informaci\u00f3n sobre horarios o precios.\u00bb use_icon=\u00bbon\u00bb font_icon=\u00bb&#x77;||divi||400&#8243; icon_color=\u00bb#43220A\u00bb image_icon_width=\u00bb60px\u00bb content_max_width=\u00bb100%\u00bb _builder_version=\u00bb4.27.4&#8243; _module_preset=\u00bbdefault\u00bb header_text_align=\u00bbcenter\u00bb header_text_color=\u00bb#43220A\u00bb header_font_size=\u00bb30px\u00bb body_text_color=\u00bb#C7B358&#8243; global_colors_info=\u00bb{}\u00bb][\/et_pb_blurb][et_pb_button button_url=\u00bb#contacto\u00bb button_text=\u00bbContacta con nosotros\u00bb button_alignment=\u00bbcenter\u00bb _builder_version=\u00bb4.27.4&#8243; _module_preset=\u00bbdefault\u00bb custom_button=\u00bbon\u00bb button_text_size=\u00bb16px\u00bb button_text_color=\u00bb#FFFFFF\u00bb button_bg_color=\u00bb#43220A\u00bb button_border_width=\u00bb0px\u00bb button_border_radius=\u00bb25px\u00bb box_shadow_style=\u00bbpreset3&#8243; global_colors_info=\u00bb{}\u00bb][\/et_pb_button][et_pb_image src=\u00bbhttps:\/\/stensionlook.com\/wp-content\/uploads\/2025\/04\/freepik__the-style-is-candid-image-photography-with-natural__25585.png\u00bb title_text=\u00bbfreepik__the-style-is-candid-image-photography-with-natural__25585&#8243; align=\u00bbcenter\u00bb force_fullwidth=\u00bbon\u00bb _builder_version=\u00bb4.27.4&#8243; _module_preset=\u00bbdefault\u00bb border_radii=\u00bbon|25px|25px|25px|25px\u00bb global_colors_info=\u00bb{}\u00bb][\/et_pb_image][\/et_pb_column][\/et_pb_row][et_pb_row column_structure=\u00bb1_2,1_2&#8243; use_custom_gutter=\u00bbon\u00bb gutter_width=\u00bb1&#8243; make_equal=\u00bbon\u00bb _builder_version=\u00bb4.27.4&#8243; _module_preset=\u00bbdefault\u00bb background_color=\u00bb#C7B358&#8243; width=\u00bb95%\u00bb custom_margin=\u00bb50px||||false|false\u00bb custom_padding=\u00bb0px||0px|||\u00bb border_radii=\u00bbon|25px|25px|25px|25px\u00bb box_shadow_style=\u00bbpreset3&#8243; global_colors_info=\u00bb{}\u00bb][et_pb_column type=\u00bb1_2&#8243; _builder_version=\u00bb4.25.2&#8243; _module_preset=\u00bbdefault\u00bb custom_padding=\u00bb150px|100px|150px|8vw|false|false\u00bb custom_padding_tablet=\u00bb100px|40px|100px|40px|false|false\u00bb custom_padding_phone=\u00bb90px|20px|80px|20px|false|false\u00bb custom_padding_last_edited=\u00bbon|tablet\u00bb global_colors_info=\u00bb{}\u00bb][et_pb_text _builder_version=\u00bb4.27.4&#8243; _module_preset=\u00bbdefault\u00bb header_2_text_align=\u00bbleft\u00bb header_2_text_color=\u00bb#43220A\u00bb header_2_font_size=\u00bb50px\u00bb max_width_tablet=\u00bb100%\u00bb max_width_phone=\u00bb100%\u00bb max_width_last_edited=\u00bbon|tablet\u00bb custom_margin=\u00bb0px||20px||false|false\u00bb custom_margin_last_edited=\u00bboff|phone\u00bb custom_padding=\u00bb0px||0px||false|false\u00bb header_2_font_size_tablet=\u00bb50px\u00bb header_2_font_size_phone=\u00bb35px\u00bb header_2_font_size_last_edited=\u00bbon|phone\u00bb locked=\u00bboff\u00bb global_colors_info=\u00bb{}\u00bb]<\/p>\n<h2>\u00bfQuieres m\u00e1s informaci\u00f3n sobre nuestras pr\u00f3ximas fechas?<\/h2>\n<p>&nbsp;<\/p>\n<p>[\/et_pb_text][et_pb_button button_url=\u00bb#contacto\u00bb button_text=\u00bbContacta con nosotros\u00bb _builder_version=\u00bb4.27.4&#8243; _module_preset=\u00bbdefault\u00bb custom_button=\u00bbon\u00bb button_text_size=\u00bb16px\u00bb button_text_color=\u00bb#FFFFFF\u00bb button_bg_color=\u00bb#43220A\u00bb button_border_width=\u00bb0px\u00bb button_border_radius=\u00bb25px\u00bb box_shadow_style=\u00bbpreset3&#8243; locked=\u00bboff\u00bb global_colors_info=\u00bb{}\u00bb][\/et_pb_button][\/et_pb_column][et_pb_column type=\u00bb1_2&#8243; _builder_version=\u00bb4.27.4&#8243; _module_preset=\u00bbdefault\u00bb background_image=\u00bbhttps:\/\/stensionlook.com\/wp-content\/uploads\/2025\/05\/midsection-doctors-performing-surgery-patient-knee-with-equipment-scaled.jpg\u00bb background_blend=\u00bbscreen\u00bb background_last_edited=\u00bbon|tablet\u00bb background_enable_image_tablet=\u00bboff\u00bb global_colors_info=\u00bb{}\u00bb][et_pb_image src=\u00bbhttps:\/\/stensionlook.com\/wp-content\/uploads\/2025\/04\/freepik_assistant_1745569290252.png\u00bb title_text=\u00bbfreepik_assistant_1745569290252&#8243; force_fullwidth=\u00bbon\u00bb disabled_on=\u00bboff|off|on\u00bb _builder_version=\u00bb4.27.4&#8243; _module_preset=\u00bbdefault\u00bb max_height=\u00bb0px\u00bb max_height_tablet=\u00bb100%\u00bb max_height_phone=\u00bb100%\u00bb max_height_last_edited=\u00bbon|phone\u00bb custom_margin=\u00bb0px||0px||false|false\u00bb custom_padding=\u00bb0px||0px||false|false\u00bb global_colors_info=\u00bb{}\u00bb][\/et_pb_image][\/et_pb_column][\/et_pb_row][\/et_pb_section]<\/p>","protected":false},"excerpt":{"rendered":"<p>Curso presencialCiclo de tanatopraxiaNuestro Ciclo de Tanatopraxia te ofrece un programa formativo completo para formarte y conseguir todas las destrezas, conocimientos y habilidades para poder trabajar de forma responsable en el \u00e1rea de Tanatopraxia y Tanatoest\u00e9tica. El curso cuenta con pr\u00e1cticas reales en tanatorios de r\u00e1pida incorporaci\u00f3n. En grupos reducidos con m\u00e1ximo de 6 alumnos [&hellip;]<\/p>","protected":false},"author":2,"featured_media":0,"parent":0,"menu_order":0,"comment_status":"closed","ping_status":"closed","template":"","meta":{"_et_pb_use_builder":"on","_et_pb_old_content":"","_et_gb_content_width":"","footnotes":""},"class_list":["post-94","page","type-page","status-publish","hentry"],"yoast_head":"<!-- This site is optimized with the Yoast SEO plugin v26.0 - https:\/\/yoast.com\/wordpress\/plugins\/seo\/ -->\n<title>Nuestro ciclo de Tanatopraxia\u00a0 - Stension Look<\/title>\n<meta name=\"description\" content=\"Nuestro Ciclo de Tanatopraxia te ofrece un programa formativo completo para formarte y poder trabajar de forma responsable.\" \/>\n<meta name=\"robots\" content=\"index, follow, max-snippet:-1, max-image-preview:large, max-video-preview:-1\" \/>\n<link rel=\"canonical\" href=\"https:\/\/stensionlook.com\/en\/nuestro-ciclo-de-tanatopraxia\/\" \/>\n<meta property=\"og:locale\" content=\"en_GB\" \/>\n<meta property=\"og:type\" content=\"article\" \/>\n<meta property=\"og:title\" content=\"Nuestro ciclo de Tanatopraxia\u00a0 - Stension Look\" \/>\n<meta property=\"og:description\" content=\"Nuestro Ciclo de Tanatopraxia te ofrece un programa formativo completo para formarte y poder trabajar de forma responsable.\" \/>\n<meta property=\"og:url\" content=\"https:\/\/stensionlook.com\/en\/nuestro-ciclo-de-tanatopraxia\/\" \/>\n<meta property=\"og:site_name\" content=\"Stension Look\" \/>\n<meta property=\"article:publisher\" content=\"https:\/\/www.facebook.com\/stensionlook\/?locale=es_ES\" \/>\n<meta property=\"article:modified_time\" content=\"2025-05-28T13:54:54+00:00\" \/>\n<meta name=\"twitter:card\" content=\"summary_large_image\" \/>\n<meta name=\"twitter:label1\" content=\"Estimated reading time\" \/>\n\t<meta name=\"twitter:data1\" content=\"2 minutes\" \/>\n<script type=\"application\/ld+json\" class=\"yoast-schema-graph\">{\"@context\":\"https:\/\/schema.org\",\"@graph\":[{\"@type\":\"WebPage\",\"@id\":\"https:\/\/stensionlook.com\/nuestro-ciclo-de-tanatopraxia\/\",\"url\":\"https:\/\/stensionlook.com\/nuestro-ciclo-de-tanatopraxia\/\",\"name\":\"Nuestro ciclo de Tanatopraxia\u00a0 - Stension Look\",\"isPartOf\":{\"@id\":\"https:\/\/stensionlook.com\/#website\"},\"datePublished\":\"2025-04-24T14:46:00+00:00\",\"dateModified\":\"2025-05-28T13:54:54+00:00\",\"description\":\"Nuestro Ciclo de Tanatopraxia te ofrece un programa formativo completo para formarte y poder trabajar de forma responsable.\",\"breadcrumb\":{\"@id\":\"https:\/\/stensionlook.com\/nuestro-ciclo-de-tanatopraxia\/#breadcrumb\"},\"inLanguage\":\"en-GB\",\"potentialAction\":[{\"@type\":\"ReadAction\",\"target\":[\"https:\/\/stensionlook.com\/nuestro-ciclo-de-tanatopraxia\/\"]}]},{\"@type\":\"BreadcrumbList\",\"@id\":\"https:\/\/stensionlook.com\/nuestro-ciclo-de-tanatopraxia\/#breadcrumb\",\"itemListElement\":[{\"@type\":\"ListItem\",\"position\":1,\"name\":\"Portada\",\"item\":\"https:\/\/stensionlook.com\/\"},{\"@type\":\"ListItem\",\"position\":2,\"name\":\"Nuestro ciclo de Tanatopraxia\u00a0\"}]},{\"@type\":\"WebSite\",\"@id\":\"https:\/\/stensionlook.com\/#website\",\"url\":\"https:\/\/stensionlook.com\/\",\"name\":\"Stension Look\",\"description\":\"Curso de Tanatopraxia en Almer&iacute;a\",\"publisher\":{\"@id\":\"https:\/\/stensionlook.com\/#organization\"},\"potentialAction\":[{\"@type\":\"SearchAction\",\"target\":{\"@type\":\"EntryPoint\",\"urlTemplate\":\"https:\/\/stensionlook.com\/?s={search_term_string}\"},\"query-input\":{\"@type\":\"PropertyValueSpecification\",\"valueRequired\":true,\"valueName\":\"search_term_string\"}}],\"inLanguage\":\"en-GB\"},{\"@type\":\"Organization\",\"@id\":\"https:\/\/stensionlook.com\/#organization\",\"name\":\"Stension Look\",\"url\":\"https:\/\/stensionlook.com\/\",\"logo\":{\"@type\":\"ImageObject\",\"inLanguage\":\"en-GB\",\"@id\":\"https:\/\/stensionlook.com\/#\/schema\/logo\/image\/\",\"url\":\"https:\/\/stensionlook.com\/wp-content\/uploads\/2025\/04\/cropped-Logo.png\",\"contentUrl\":\"https:\/\/stensionlook.com\/wp-content\/uploads\/2025\/04\/cropped-Logo.png\",\"width\":512,\"height\":512,\"caption\":\"Stension Look\"},\"image\":{\"@id\":\"https:\/\/stensionlook.com\/#\/schema\/logo\/image\/\"},\"sameAs\":[\"https:\/\/www.facebook.com\/stensionlook\/?locale=es_ES\"]}]}<\/script>\n<!-- \/ Yoast SEO plugin. -->","yoast_head_json":{"title":"Nuestro ciclo de Tanatopraxia\u00a0 - Stension Look","description":"Nuestro Ciclo de Tanatopraxia te ofrece un programa formativo completo para formarte y poder trabajar de forma responsable.","robots":{"index":"index","follow":"follow","max-snippet":"max-snippet:-1","max-image-preview":"max-image-preview:large","max-video-preview":"max-video-preview:-1"},"canonical":"https:\/\/stensionlook.com\/en\/nuestro-ciclo-de-tanatopraxia\/","og_locale":"en_GB","og_type":"article","og_title":"Nuestro ciclo de Tanatopraxia\u00a0 - Stension Look","og_description":"Nuestro Ciclo de Tanatopraxia te ofrece un programa formativo completo para formarte y poder trabajar de forma responsable.","og_url":"https:\/\/stensionlook.com\/en\/nuestro-ciclo-de-tanatopraxia\/","og_site_name":"Stension Look","article_publisher":"https:\/\/www.facebook.com\/stensionlook\/?locale=es_ES","article_modified_time":"2025-05-28T13:54:54+00:00","twitter_card":"summary_large_image","twitter_misc":{"Estimated reading time":"2 minutes"},"schema":{"@context":"https:\/\/schema.org","@graph":[{"@type":"WebPage","@id":"https:\/\/stensionlook.com\/nuestro-ciclo-de-tanatopraxia\/","url":"https:\/\/stensionlook.com\/nuestro-ciclo-de-tanatopraxia\/","name":"Nuestro ciclo de Tanatopraxia\u00a0 - Stension Look","isPartOf":{"@id":"https:\/\/stensionlook.com\/#website"},"datePublished":"2025-04-24T14:46:00+00:00","dateModified":"2025-05-28T13:54:54+00:00","description":"Nuestro Ciclo de Tanatopraxia te ofrece un programa formativo completo para formarte y poder trabajar de forma responsable.","breadcrumb":{"@id":"https:\/\/stensionlook.com\/nuestro-ciclo-de-tanatopraxia\/#breadcrumb"},"inLanguage":"en-GB","potentialAction":[{"@type":"ReadAction","target":["https:\/\/stensionlook.com\/nuestro-ciclo-de-tanatopraxia\/"]}]},{"@type":"BreadcrumbList","@id":"https:\/\/stensionlook.com\/nuestro-ciclo-de-tanatopraxia\/#breadcrumb","itemListElement":[{"@type":"ListItem","position":1,"name":"Portada","item":"https:\/\/stensionlook.com\/"},{"@type":"ListItem","position":2,"name":"Nuestro ciclo de Tanatopraxia\u00a0"}]},{"@type":"WebSite","@id":"https:\/\/stensionlook.com\/#website","url":"https:\/\/stensionlook.com\/","name":"Stension Look","description":"Curso de Tanatopraxia en Almer&iacute;a","publisher":{"@id":"https:\/\/stensionlook.com\/#organization"},"potentialAction":[{"@type":"SearchAction","target":{"@type":"EntryPoint","urlTemplate":"https:\/\/stensionlook.com\/?s={search_term_string}"},"query-input":{"@type":"PropertyValueSpecification","valueRequired":true,"valueName":"search_term_string"}}],"inLanguage":"en-GB"},{"@type":"Organization","@id":"https:\/\/stensionlook.com\/#organization","name":"Stension Look","url":"https:\/\/stensionlook.com\/","logo":{"@type":"ImageObject","inLanguage":"en-GB","@id":"https:\/\/stensionlook.com\/#\/schema\/logo\/image\/","url":"https:\/\/stensionlook.com\/wp-content\/uploads\/2025\/04\/cropped-Logo.png","contentUrl":"https:\/\/stensionlook.com\/wp-content\/uploads\/2025\/04\/cropped-Logo.png","width":512,"height":512,"caption":"Stension Look"},"image":{"@id":"https:\/\/stensionlook.com\/#\/schema\/logo\/image\/"},"sameAs":["https:\/\/www.facebook.com\/stensionlook\/?locale=es_ES"]}]}},"_links":{"self":[{"href":"https:\/\/stensionlook.com\/en\/wp-json\/wp\/v2\/pages\/94","targetHints":{"allow":["GET"]}}],"collection":[{"href":"https:\/\/stensionlook.com\/en\/wp-json\/wp\/v2\/pages"}],"about":[{"href":"https:\/\/stensionlook.com\/en\/wp-json\/wp\/v2\/types\/page"}],"author":[{"embeddable":true,"href":"https:\/\/stensionlook.com\/en\/wp-json\/wp\/v2\/users\/2"}],"replies":[{"embeddable":true,"href":"https:\/\/stensionlook.com\/en\/wp-json\/wp\/v2\/comments?post=94"}],"version-history":[{"count":20,"href":"https:\/\/stensionlook.com\/en\/wp-json\/wp\/v2\/pages\/94\/revisions"}],"predecessor-version":[{"id":217,"href":"https:\/\/stensionlook.com\/en\/wp-json\/wp\/v2\/pages\/94\/revisions\/217"}],"wp:attachment":[{"href":"https:\/\/stensionlook.com\/en\/wp-json\/wp\/v2\/media?parent=94"}],"curies":[{"name":"wp","href":"https:\/\/api.w.org\/{rel}","templated":true}]}}